{"id":160,"date":"2023-08-16T14:27:53","date_gmt":"2023-08-16T12:27:53","guid":{"rendered":"https:\/\/www.lafrutta.eu\/la-frutta\/"},"modified":"2023-11-09T14:46:39","modified_gmt":"2023-11-09T13:46:39","slug":"la-frutta","status":"publish","type":"page","link":"https:\/\/www.lafrutta.eu\/es\/","title":{"rendered":"La Frutta"},"content":{"rendered":"\n\t<section class=\"section\" id=\"section_864936658\">\n\t\t<div class=\"section-bg fill\" >\n\t\t\t\t\t\t\t\t\t\n\t\t\t\n\n\t\t<\/div>\n\n\t\t\n\n\t\t<div class=\"section-content relative\">\n\t\t\t\n<div class=\"row row-collapse row-full-width align-center\"  id=\"row-168052109\">\n\n\t<div id=\"col-1898591546\" class=\"col small-12 large-12\"  >\n\t\t\t\t<div class=\"col-inner\"  >\n\t\t\t\n\t\t\t\n\t<div class=\"img has-hover x md-x lg-x y md-y lg-y\" id=\"image_249644906\">\n\t\t\t\t\t\t\t\t<div class=\"img-inner dark\" >\n\t\t\t<img loading=\"lazy\" decoding=\"async\" width=\"2000\" height=\"500\" src=\"https:\/\/www.lafrutta.eu\/wp-content\/uploads\/2023\/08\/lafrutta-top-home.webp\" class=\"attachment-original size-original\" alt=\"\" srcset=\"https:\/\/www.lafrutta.eu\/wp-content\/uploads\/2023\/08\/lafrutta-top-home.webp 2000w, https:\/\/www.lafrutta.eu\/wp-content\/uploads\/2023\/08\/lafrutta-top-home-300x75.webp 300w, https:\/\/www.lafrutta.eu\/wp-content\/uploads\/2023\/08\/lafrutta-top-home-1024x256.webp 1024w, https:\/\/www.lafrutta.eu\/wp-content\/uploads\/2023\/08\/lafrutta-top-home-768x192.webp 768w, https:\/\/www.lafrutta.eu\/wp-content\/uploads\/2023\/08\/lafrutta-top-home-1536x384.webp 1536w\" sizes=\"auto, (max-width: 2000px) 100vw, 2000px\" \/>\t\t\t\t\t\t\n\t\t\t\t\t<\/div>\n\t\t\t\t\t\t\t\t\n<style>\n#image_249644906 {\n  width: 100%;\n}\n<\/style>\n\t<\/div>\n\t\n\t<div class=\"img has-hover x md-x lg-x y md-y lg-y\" id=\"image_456564640\">\n\t\t\t\t\t\t\t\t<div class=\"img-inner dark\" >\n\t\t\t<img loading=\"lazy\" decoding=\"async\" width=\"2000\" height=\"167\" src=\"https:\/\/www.lafrutta.eu\/wp-content\/uploads\/2023\/08\/lafrutta-onde.png\" class=\"attachment-original size-original\" alt=\"\" srcset=\"https:\/\/www.lafrutta.eu\/wp-content\/uploads\/2023\/08\/lafrutta-onde.png 2000w, https:\/\/www.lafrutta.eu\/wp-content\/uploads\/2023\/08\/lafrutta-onde-300x25.png 300w, https:\/\/www.lafrutta.eu\/wp-content\/uploads\/2023\/08\/lafrutta-onde-1024x86.png 1024w, https:\/\/www.lafrutta.eu\/wp-content\/uploads\/2023\/08\/lafrutta-onde-768x64.png 768w, https:\/\/www.lafrutta.eu\/wp-content\/uploads\/2023\/08\/lafrutta-onde-1536x128.png 1536w\" sizes=\"auto, (max-width: 2000px) 100vw, 2000px\" \/>\t\t\t\t\t\t\n\t\t\t\t\t<\/div>\n\t\t\t\t\t\t\t\t\n<style>\n#image_456564640 {\n  width: 100%;\n}\n<\/style>\n\t<\/div>\n\t\n\t\t<\/div>\n\t\t\t\t\t<\/div>\n\n\t\n<\/div>\n\t\t<\/div>\n\n\t\t\n<style>\n#section_864936658 {\n  padding-top: 0px;\n  padding-bottom: 0px;\n}\n<\/style>\n\t<\/section>\n\t\n\n\t<section class=\"section\" id=\"section_687345841\">\n\t\t<div class=\"section-bg fill\" >\n\t\t\t\t\t\t\t\t\t\n\t\t\t\n\n\t\t<\/div>\n\n\t\t\n\n\t\t<div class=\"section-content relative\">\n\t\t\t\n<div class=\"row align-center\"  id=\"row-1962122593\">\n\n\t<div id=\"col-193350891\" class=\"col medium-10 small-12 large-10\"  >\n\t\t\t\t<div class=\"col-inner\"  >\n\t\t\t\n\t\t\t\n\t<div id=\"gap-274252396\" class=\"gap-element clearfix\" style=\"display:block; height:auto;\">\n\t\t\n<style>\n#gap-274252396 {\n  padding-top: 30px;\n}\n<\/style>\n\t<\/div>\n\t\n\t<div id=\"text-283992826\" class=\"text\">\n\t\t\n<h2>TODO ES BUENO EN LA FRUTA<\/h2>\n<p>LAFRUTTA nace de la pasi\u00f3n de Massimiliano Biaggioli por la transformaci\u00f3n de frutas y hortalizas.<\/p>\n<p>La calidad de la materia prima vegetal es respetada y valorada por la artesan\u00eda y la visi\u00f3n circular, pilares de un enfoque innovador capaz de dar un nuevo valor incluso a los subproductos de la transformaci\u00f3n tradicional, normalmente considerados \u00abdesechos\u00bb.<\/p>\n\t\t\n<style>\n#text-283992826 {\n  text-align: center;\n}\n<\/style>\n\t<\/div>\n\t\n\t\t<\/div>\n\t\t\t\t\t<\/div>\n\n\t\n<\/div>\n\t\t<\/div>\n\n\t\t\n<style>\n#section_687345841 {\n  padding-top: 50px;\n  padding-bottom: 50px;\n}\n<\/style>\n\t<\/section>\n\t\n\n\t<section class=\"section\" id=\"section_2082099104\">\n\t\t<div class=\"section-bg fill\" >\n\t\t\t\t\t\t\t\t\t\n\t\t\t\n\n\t\t<\/div>\n\n\t\t\n\n\t\t<div class=\"section-content relative\">\n\t\t\t\n\t<div id=\"gap-250983603\" class=\"gap-element clearfix\" style=\"display:block; height:auto;\">\n\t\t\n<style>\n#gap-250983603 {\n  padding-top: 30px;\n}\n<\/style>\n\t<\/div>\n\t\n<div class=\"row\"  id=\"row-136365248\">\n\n\t<div id=\"col-768068824\" class=\"col medium-4 small-12 large-4\"  >\n\t\t\t\t<div class=\"col-inner text-center dark\"  >\n\t\t\t\n\t\t\t\n\n\t\t<div class=\"icon-box featured-box icon-box-top text-left\"  >\n\t\t\t\t\t<div class=\"icon-box-img\" style=\"width: 60px\">\n\t\t\t\t<div class=\"icon\">\n\t\t\t\t\t<div class=\"icon-inner\" >\n\t\t\t\t\t\t<img loading=\"lazy\" decoding=\"async\" width=\"300\" height=\"300\" src=\"https:\/\/www.lafrutta.eu\/wp-content\/uploads\/2023\/08\/lafrutta-logo-bianco-300x300.png\" class=\"attachment-medium size-medium\" alt=\"\" srcset=\"https:\/\/www.lafrutta.eu\/wp-content\/uploads\/2023\/08\/lafrutta-logo-bianco-300x300.png 300w, https:\/\/www.lafrutta.eu\/wp-content\/uploads\/2023\/08\/lafrutta-logo-bianco-150x150.png 150w, https:\/\/www.lafrutta.eu\/wp-content\/uploads\/2023\/08\/lafrutta-logo-bianco.png 600w\" sizes=\"auto, (max-width: 300px) 100vw, 300px\" \/>\t\t\t\t\t<\/div>\n\t\t\t\t<\/div>\n\t\t\t<\/div>\n\t\t\t\t<div class=\"icon-box-text last-reset\">\n\t\t\t\t\t\t\t\t\t\n\t<div id=\"text-2590657077\" class=\"text\">\n\t\t\n<h3>ORIGINAL<\/h3>\n<p>Rico en colores, sabores y texturas, el mundo vegetal inspira nuevos productos, junto a los cl\u00e1sicos atemporales.<\/p>\n\t\t\n<style>\n#text-2590657077 {\n  text-align: center;\n}\n<\/style>\n\t<\/div>\n\t\n\t\t<\/div>\n\t<\/div>\n\t\n\t\n\t\t<\/div>\n\t\t\t\t\t<\/div>\n\n\t\n\n\t<div id=\"col-601664626\" class=\"col medium-4 small-12 large-4\"  >\n\t\t\t\t<div class=\"col-inner text-center dark\"  >\n\t\t\t\n\t\t\t\n\n\t\t<div class=\"icon-box featured-box icon-box-top text-left\"  >\n\t\t\t\t\t<div class=\"icon-box-img\" style=\"width: 60px\">\n\t\t\t\t<div class=\"icon\">\n\t\t\t\t\t<div class=\"icon-inner\" >\n\t\t\t\t\t\t<img loading=\"lazy\" decoding=\"async\" width=\"300\" height=\"300\" src=\"https:\/\/www.lafrutta.eu\/wp-content\/uploads\/2023\/08\/lafrutta-logo-bianco-300x300.png\" class=\"attachment-medium size-medium\" alt=\"\" srcset=\"https:\/\/www.lafrutta.eu\/wp-content\/uploads\/2023\/08\/lafrutta-logo-bianco-300x300.png 300w, https:\/\/www.lafrutta.eu\/wp-content\/uploads\/2023\/08\/lafrutta-logo-bianco-150x150.png 150w, https:\/\/www.lafrutta.eu\/wp-content\/uploads\/2023\/08\/lafrutta-logo-bianco.png 600w\" sizes=\"auto, (max-width: 300px) 100vw, 300px\" \/>\t\t\t\t\t<\/div>\n\t\t\t\t<\/div>\n\t\t\t<\/div>\n\t\t\t\t<div class=\"icon-box-text last-reset\">\n\t\t\t\t\t\t\t\t\t\n\t<div id=\"text-4209842633\" class=\"text\">\n\t\t\n<h3>ARTESANO<\/h3>\n<p>Las frutas y verduras encuentran todo su respeto en el procesado artesanal, capaz de realzar fragancias y sabores.<\/p>\n\t\t\n<style>\n#text-4209842633 {\n  text-align: center;\n}\n<\/style>\n\t<\/div>\n\t\n\t\t<\/div>\n\t<\/div>\n\t\n\t\n\t\t<\/div>\n\t\t\t\t\t<\/div>\n\n\t\n\n\t<div id=\"col-618398981\" class=\"col medium-4 small-12 large-4\"  >\n\t\t\t\t<div class=\"col-inner text-center dark\"  >\n\t\t\t\n\t\t\t\n\n\t\t<div class=\"icon-box featured-box icon-box-top text-left\"  >\n\t\t\t\t\t<div class=\"icon-box-img\" style=\"width: 60px\">\n\t\t\t\t<div class=\"icon\">\n\t\t\t\t\t<div class=\"icon-inner\" >\n\t\t\t\t\t\t<img loading=\"lazy\" decoding=\"async\" width=\"300\" height=\"300\" src=\"https:\/\/www.lafrutta.eu\/wp-content\/uploads\/2023\/08\/lafrutta-logo-bianco-300x300.png\" class=\"attachment-medium size-medium\" alt=\"\" srcset=\"https:\/\/www.lafrutta.eu\/wp-content\/uploads\/2023\/08\/lafrutta-logo-bianco-300x300.png 300w, https:\/\/www.lafrutta.eu\/wp-content\/uploads\/2023\/08\/lafrutta-logo-bianco-150x150.png 150w, https:\/\/www.lafrutta.eu\/wp-content\/uploads\/2023\/08\/lafrutta-logo-bianco.png 600w\" sizes=\"auto, (max-width: 300px) 100vw, 300px\" \/>\t\t\t\t\t<\/div>\n\t\t\t\t<\/div>\n\t\t\t<\/div>\n\t\t\t\t<div class=\"icon-box-text last-reset\">\n\t\t\t\t\t\t\t\t\t\n\t<div id=\"text-790250158\" class=\"text\">\n\t\t\n<h3>CIRCULAR<\/h3>\n<p>Los distintos procesos se entrecruzan y entrelazan en una visi\u00f3n circular, donde no hay residuos sino recursos.<\/p>\n\t\t\n<style>\n#text-790250158 {\n  text-align: center;\n}\n<\/style>\n\t<\/div>\n\t\n\t\t<\/div>\n\t<\/div>\n\t\n\t\n\t\t<\/div>\n\t\t\t\t\t<\/div>\n\n\t\n<\/div>\n\t\t<\/div>\n\n\t\t\n<style>\n#section_2082099104 {\n  padding-top: 50px;\n  padding-bottom: 50px;\n  background-color: #ec433d;\n}\n<\/style>\n\t<\/section>\n\t\n\n\t<section class=\"section\" id=\"section_873622302\">\n\t\t<div class=\"section-bg fill\" >\n\t\t\t\t\t\t\t\t\t\n\t\t\t\n\n\t\t<\/div>\n\n\t\t\n\n\t\t<div class=\"section-content relative\">\n\t\t\t\n<div class=\"row\"  id=\"row-1039660098\">\n\n\t<div id=\"col-2127962761\" class=\"col small-12 large-12\"  >\n\t\t\t\t<div class=\"col-inner\"  >\n\t\t\t\n\t\t\t\n\t<div id=\"text-1600424767\" class=\"text\">\n\t\t\n<h2>NUESTROS PRODUCTOS<\/h2>\n\t\t\n<style>\n#text-1600424767 {\n  font-size: 1.5rem;\n  text-align: center;\n}\n<\/style>\n\t<\/div>\n\t\n\t\t<\/div>\n\t\t\t\t\t<\/div>\n\n\t\n\n\t<div id=\"col-409814556\" class=\"col medium-4 small-12 large-4\"  >\n\t\t\t\t<div class=\"col-inner\"  >\n\t\t\t\n\t\t\t\n\t<div class=\"box has-hover   has-hover box-shade dark box-text-bottom\" >\n\n\t\t<div class=\"box-image\" >\n\t\t\t\t\t\t<div class=\"\" >\n\t\t\t\t<img loading=\"lazy\" decoding=\"async\" width=\"1000\" height=\"889\" src=\"https:\/\/www.lafrutta.eu\/wp-content\/uploads\/2023\/08\/LAFRUTTA-gel.webp\" class=\"attachment- size-\" alt=\"\" srcset=\"https:\/\/www.lafrutta.eu\/wp-content\/uploads\/2023\/08\/LAFRUTTA-gel.webp 1000w, https:\/\/www.lafrutta.eu\/wp-content\/uploads\/2023\/08\/LAFRUTTA-gel-300x267.webp 300w, https:\/\/www.lafrutta.eu\/wp-content\/uploads\/2023\/08\/LAFRUTTA-gel-768x683.webp 768w\" sizes=\"auto, (max-width: 1000px) 100vw, 1000px\" \/>\t\t\t\t\t\t\t\t<div class=\"shade\"><\/div>\t\t\t<\/div>\n\t\t\t\t\t<\/div>\n\n\t\t<div class=\"box-text text-center\" >\n\t\t\t<div class=\"box-text-inner\">\n\t\t\t\t\n<h3>GELES ESPECIADOS DE FRUTAS Y VERDURAS<\/h3>\n<p>Condimento dulce\/picante elaborado a partir de jarabes gelificantes derivados de la transformaci\u00f3n artesanal de frutas confitadas. Acompa\u00f1a quesos, embutidos, carnes y pescados crudos y a la plancha.<\/p>\n<a class=\"button white is-underline\" >\n\t\t<span>Saber m\u00e1s<\/span>\n\t<\/a>\n\n\t\t\t<\/div>\n\t\t<\/div>\n\t<\/div>\n\t\n\t\t<\/div>\n\t\t\t\t\t<\/div>\n\n\t\n\n\t<div id=\"col-48237869\" class=\"col medium-4 small-12 large-4\"  >\n\t\t\t\t<div class=\"col-inner\"  >\n\t\t\t\n\t\t\t\n\t<div class=\"box has-hover   has-hover box-shade dark box-text-bottom\" >\n\n\t\t<div class=\"box-image\" >\n\t\t\t\t\t\t<div class=\"\" >\n\t\t\t\t<img loading=\"lazy\" decoding=\"async\" width=\"1000\" height=\"889\" src=\"https:\/\/www.lafrutta.eu\/wp-content\/uploads\/2023\/08\/LAFRUTTA-giardiniera.webp\" class=\"attachment- size-\" alt=\"\" srcset=\"https:\/\/www.lafrutta.eu\/wp-content\/uploads\/2023\/08\/LAFRUTTA-giardiniera.webp 1000w, https:\/\/www.lafrutta.eu\/wp-content\/uploads\/2023\/08\/LAFRUTTA-giardiniera-300x267.webp 300w, https:\/\/www.lafrutta.eu\/wp-content\/uploads\/2023\/08\/LAFRUTTA-giardiniera-768x683.webp 768w\" sizes=\"auto, (max-width: 1000px) 100vw, 1000px\" \/>\t\t\t\t\t\t\t\t<div class=\"shade\"><\/div>\t\t\t<\/div>\n\t\t\t\t\t<\/div>\n\n\t\t<div class=\"box-text text-center\" >\n\t\t\t<div class=\"box-text-inner\">\n\t\t\t\t\n<h3>GIARDINIERA CONFITADA<\/h3>\n<p>La investigaci\u00f3n sobre las verduras confitadas ha aportado innovaci\u00f3n a una gran tradici\u00f3n: cebolla, coliflor, hinojo, apio, zanahoria, pimiento, jud\u00edas verdes confitadas en alm\u00edbar agridulce<\/p>\n<a class=\"button white is-underline\" >\n\t\t<span>Saber m\u00e1s<\/span>\n\t<\/a>\n\n\t\t\t<\/div>\n\t\t<\/div>\n\t<\/div>\n\t\n\t\t<\/div>\n\t\t\t\t\t<\/div>\n\n\t\n\n\t<div id=\"col-641685387\" class=\"col medium-4 small-12 large-4\"  >\n\t\t\t\t<div class=\"col-inner\"  >\n\t\t\t\n\t\t\t\n\t<div class=\"box has-hover   has-hover box-shade dark box-text-bottom\" >\n\n\t\t<div class=\"box-image\" >\n\t\t\t\t\t\t<div class=\"\" >\n\t\t\t\t<img loading=\"lazy\" decoding=\"async\" width=\"1000\" height=\"889\" src=\"https:\/\/www.lafrutta.eu\/wp-content\/uploads\/2023\/08\/LAFRUTTA-canditi-arditi.webp\" class=\"attachment- size-\" alt=\"\" srcset=\"https:\/\/www.lafrutta.eu\/wp-content\/uploads\/2023\/08\/LAFRUTTA-canditi-arditi.webp 1000w, https:\/\/www.lafrutta.eu\/wp-content\/uploads\/2023\/08\/LAFRUTTA-canditi-arditi-300x267.webp 300w, https:\/\/www.lafrutta.eu\/wp-content\/uploads\/2023\/08\/LAFRUTTA-canditi-arditi-768x683.webp 768w\" sizes=\"auto, (max-width: 1000px) 100vw, 1000px\" \/>\t\t\t\t\t\t\t\t<div class=\"shade\"><\/div>\t\t\t<\/div>\n\t\t\t\t\t<\/div>\n\n\t\t<div class=\"box-text text-center\" >\n\t\t\t<div class=\"box-text-inner\">\n\t\t\t\t\n<h3>VERDURAS CONFITADAS<\/h3>\n<p>Se han confitado setas porcini, alcachofa, tomate, lombarda y otras verduras. El resultado es un producto sorprendente: aroma intenso y gran equilibrio para atrevidas preparaciones dulces y saladas.<\/p>\n<a class=\"button white is-underline\" >\n\t\t<span>Saber m\u00e1s<\/span>\n\t<\/a>\n\n\t\t\t<\/div>\n\t\t<\/div>\n\t<\/div>\n\t\n\t\t<\/div>\n\t\t\t\t\t<\/div>\n\n\t\n\n\t<div id=\"col-98808581\" class=\"col medium-4 small-12 large-4\"  >\n\t\t\t\t<div class=\"col-inner\"  >\n\t\t\t\n\t\t\t\n\t<div class=\"box has-hover   has-hover box-shade dark box-text-bottom\" >\n\n\t\t<div class=\"box-image\" >\n\t\t\t\t\t\t<div class=\"\" >\n\t\t\t\t<img loading=\"lazy\" decoding=\"async\" width=\"1000\" height=\"889\" src=\"https:\/\/www.lafrutta.eu\/wp-content\/uploads\/2023\/08\/LAFRUTTA-canditi-classici.webp\" class=\"attachment- size-\" alt=\"\" srcset=\"https:\/\/www.lafrutta.eu\/wp-content\/uploads\/2023\/08\/LAFRUTTA-canditi-classici.webp 1000w, https:\/\/www.lafrutta.eu\/wp-content\/uploads\/2023\/08\/LAFRUTTA-canditi-classici-300x267.webp 300w, https:\/\/www.lafrutta.eu\/wp-content\/uploads\/2023\/08\/LAFRUTTA-canditi-classici-768x683.webp 768w\" sizes=\"auto, (max-width: 1000px) 100vw, 1000px\" \/>\t\t\t\t\t\t\t\t<div class=\"shade\"><\/div>\t\t\t<\/div>\n\t\t\t\t\t<\/div>\n\n\t\t<div class=\"box-text text-center\" >\n\t\t\t<div class=\"box-text-inner\">\n\t\t\t\t\n<h3>FRUTAS CONFITADAS TRADICIONALES<\/h3>\n<p>La experiencia del artesano sabe c\u00f3mo llevar a cabo un proceso de confitado que captura la fragancia de la fruta fresca sin perder la textura, la frescura y el equilibrio de la materia prima.<\/p>\n<a class=\"button white is-underline\" >\n\t\t<span>Saber m\u00e1s<\/span>\n\t<\/a>\n\n\t\t\t<\/div>\n\t\t<\/div>\n\t<\/div>\n\t\n\t\t<\/div>\n\t\t\t\t\t<\/div>\n\n\t\n\n\t<div id=\"col-452666420\" class=\"col medium-4 small-12 large-4\"  >\n\t\t\t\t<div class=\"col-inner\"  >\n\t\t\t\n\t\t\t\n\t<div class=\"box has-hover   has-hover box-shade dark box-text-bottom\" >\n\n\t\t<div class=\"box-image\" >\n\t\t\t\t\t\t<div class=\"\" >\n\t\t\t\t<img loading=\"lazy\" decoding=\"async\" width=\"1000\" height=\"889\" src=\"https:\/\/www.lafrutta.eu\/wp-content\/uploads\/2023\/08\/LAFRUTTA-composte.webp\" class=\"attachment- size-\" alt=\"\" srcset=\"https:\/\/www.lafrutta.eu\/wp-content\/uploads\/2023\/08\/LAFRUTTA-composte.webp 1000w, https:\/\/www.lafrutta.eu\/wp-content\/uploads\/2023\/08\/LAFRUTTA-composte-300x267.webp 300w, https:\/\/www.lafrutta.eu\/wp-content\/uploads\/2023\/08\/LAFRUTTA-composte-768x683.webp 768w\" sizes=\"auto, (max-width: 1000px) 100vw, 1000px\" \/>\t\t\t\t\t\t\t\t<div class=\"shade\"><\/div>\t\t\t<\/div>\n\t\t\t\t\t<\/div>\n\n\t\t<div class=\"box-text text-center\" >\n\t\t\t<div class=\"box-text-inner\">\n\t\t\t\t\n<h3>CONSERVAS DE FRUTAS Y VERDURAS<\/h3>\n<p>Procesadas en peque\u00f1os lotes, las frutas y verduras se cuecen con el az\u00facar justo para conseguir la textura adecuada y respetar el color y el aroma de la materia prima.<\/p>\n<a class=\"button white is-underline\" >\n\t\t<span>Saber m\u00e1s<\/span>\n\t<\/a>\n\n\t\t\t<\/div>\n\t\t<\/div>\n\t<\/div>\n\t\n\t\t<\/div>\n\t\t\t\t\t<\/div>\n\n\t\n\n\t<div id=\"col-1303104125\" class=\"col medium-4 small-12 large-4\"  >\n\t\t\t\t<div class=\"col-inner\"  >\n\t\t\t\n\t\t\t\n\t<div class=\"box has-hover   has-hover box-shade dark box-text-bottom\" >\n\n\t\t<div class=\"box-image\" >\n\t\t\t\t\t\t<div class=\"\" >\n\t\t\t\t<img loading=\"lazy\" decoding=\"async\" width=\"1000\" height=\"889\" src=\"https:\/\/www.lafrutta.eu\/wp-content\/uploads\/2023\/08\/LAFRUTTA-marmellate.webp\" class=\"attachment- size-\" alt=\"\" srcset=\"https:\/\/www.lafrutta.eu\/wp-content\/uploads\/2023\/08\/LAFRUTTA-marmellate.webp 1000w, https:\/\/www.lafrutta.eu\/wp-content\/uploads\/2023\/08\/LAFRUTTA-marmellate-300x267.webp 300w, https:\/\/www.lafrutta.eu\/wp-content\/uploads\/2023\/08\/LAFRUTTA-marmellate-768x683.webp 768w\" sizes=\"auto, (max-width: 1000px) 100vw, 1000px\" \/>\t\t\t\t\t\t\t\t<div class=\"shade\"><\/div>\t\t\t<\/div>\n\t\t\t\t\t<\/div>\n\n\t\t<div class=\"box-text text-center\" >\n\t\t\t<div class=\"box-text-inner\">\n\t\t\t\t\n<h4>MERMELADAS DE C\u00cdTRICOS<\/h4>\n<p>Las mermeladas est\u00e1n relacionadas con la producci\u00f3n de fruta confitada; la pulpa, separada de la c\u00e1scara, se convierte, junto con el az\u00facar, en la materia prima de un procesado que captura el sabor de los c\u00edtricos con una r\u00e1pida cocci\u00f3n.<\/p>\n<a class=\"button white is-underline\" >\n\t\t<span>Saber m\u00e1s<\/span>\n\t<\/a>\n\n\t\t\t<\/div>\n\t\t<\/div>\n\t<\/div>\n\t\n\t\t<\/div>\n\t\t\t\t\t<\/div>\n\n\t\n<\/div>\n\t\t<\/div>\n\n\t\t\n<style>\n#section_873622302 {\n  padding-top: 50px;\n  padding-bottom: 50px;\n}\n<\/style>\n\t<\/section>\n\t\n\n\t<section class=\"section\" id=\"section_31020017\">\n\t\t<div class=\"section-bg fill\" >\n\t\t\t\t\t\t\t\t\t\n\t\t\t\n\n\t\t<\/div>\n\n\t\t\n\n\t\t<div class=\"section-content relative\">\n\t\t\t\n<div class=\"row row-collapse row-full-width align-center\"  id=\"row-113858988\">\n\n\t<div id=\"col-200333866\" class=\"col small-12 large-12\"  >\n\t\t\t\t<div class=\"col-inner\"  >\n\t\t\t\n\t\t\t\n\t<div class=\"img has-hover x md-x lg-x y md-y lg-y\" id=\"image_1274210026\">\n\t\t\t\t\t\t\t\t<div class=\"img-inner dark\" >\n\t\t\t<img loading=\"lazy\" decoding=\"async\" width=\"2000\" height=\"167\" src=\"https:\/\/www.lafrutta.eu\/wp-content\/uploads\/2023\/08\/lafrutta-onde.png\" class=\"attachment-original size-original\" alt=\"\" srcset=\"https:\/\/www.lafrutta.eu\/wp-content\/uploads\/2023\/08\/lafrutta-onde.png 2000w, https:\/\/www.lafrutta.eu\/wp-content\/uploads\/2023\/08\/lafrutta-onde-300x25.png 300w, https:\/\/www.lafrutta.eu\/wp-content\/uploads\/2023\/08\/lafrutta-onde-1024x86.png 1024w, https:\/\/www.lafrutta.eu\/wp-content\/uploads\/2023\/08\/lafrutta-onde-768x64.png 768w, https:\/\/www.lafrutta.eu\/wp-content\/uploads\/2023\/08\/lafrutta-onde-1536x128.png 1536w\" sizes=\"auto, (max-width: 2000px) 100vw, 2000px\" \/>\t\t\t\t\t\t\n\t\t\t\t\t<\/div>\n\t\t\t\t\t\t\t\t\n<style>\n#image_1274210026 {\n  width: 100%;\n}\n<\/style>\n\t<\/div>\n\t\n\t\t<\/div>\n\t\t\t\t\t<\/div>\n\n\t\n<\/div>\n\t\t<\/div>\n\n\t\t\n<style>\n#section_31020017 {\n  padding-top: 0px;\n  padding-bottom: 0px;\n}\n<\/style>\n\t<\/section>\n\t\n\n\t<section class=\"section\" id=\"section_317113556\">\n\t\t<div class=\"section-bg fill\" >\n\t\t\t\t\t\t\t\t\t\n\t\t\t\n\n\t\t<\/div>\n\n\t\t\n\n\t\t<div class=\"section-content relative\">\n\t\t\t\n<div class=\"row row-collapse row-full-width\"  id=\"row-1198761561\">\n\n\t<div id=\"col-1201092603\" class=\"col small-12 large-12\"  >\n\t\t\t\t<div class=\"col-inner\"  >\n\t\t\t\n\t\t\t\n\n  <div class=\"banner has-hover\" id=\"banner-259316516\">\n          <div class=\"banner-inner fill\">\n        <div class=\"banner-bg fill\" >\n            <img loading=\"lazy\" decoding=\"async\" width=\"1600\" height=\"1067\" src=\"https:\/\/www.lafrutta.eu\/wp-content\/uploads\/2023\/08\/LAFRUTTA_banner.webp\" class=\"bg attachment-original size-original\" alt=\"\" \/>                                    \n                    <\/div>\n\t\t\n        <div class=\"banner-layers container\">\n            <div class=\"fill banner-link\"><\/div>            \n   <div id=\"text-box-337108516\" class=\"text-box banner-layer x90 md-x90 lg-x90 y50 md-y50 lg-y50 res-text\">\n                                <div class=\"text-box-content text dark\">\n              \n              <div class=\"text-inner text-right\">\n                  \n\t<div class=\"img has-hover x md-x lg-x y md-y lg-y\" id=\"image_555663237\">\n\t\t\t\t\t\t\t\t<div class=\"img-inner dark\" >\n\t\t\t<img loading=\"lazy\" decoding=\"async\" width=\"1000\" height=\"889\" src=\"https:\/\/www.lafrutta.eu\/wp-content\/uploads\/2023\/08\/LAFRUTTA-giardiniera.webp\" class=\"attachment-original size-original\" alt=\"\" srcset=\"https:\/\/www.lafrutta.eu\/wp-content\/uploads\/2023\/08\/LAFRUTTA-giardiniera.webp 1000w, https:\/\/www.lafrutta.eu\/wp-content\/uploads\/2023\/08\/LAFRUTTA-giardiniera-300x267.webp 300w, https:\/\/www.lafrutta.eu\/wp-content\/uploads\/2023\/08\/LAFRUTTA-giardiniera-768x683.webp 768w\" sizes=\"auto, (max-width: 1000px) 100vw, 1000px\" \/>\t\t\t\t\t\t\n\t\t\t\t\t<\/div>\n\t\t\t\t\t\t\t\t\n<style>\n#image_555663237 {\n  width: 20%;\n}\n<\/style>\n\t<\/div>\n\t\n\t<div id=\"gap-1707924558\" class=\"gap-element clearfix\" style=\"display:block; height:auto;\">\n\t\t\n<style>\n#gap-1707924558 {\n  padding-top: 30px;\n}\n<\/style>\n\t<\/div>\n\t\n<h2 class=\"uppercase\"><strong>GELES ESPECIADOS DE FRUTAS Y VERDURAS<\/strong><\/h2>\n              <\/div>\n           <\/div>\n                            \n<style>\n#text-box-337108516 {\n  width: 60%;\n}\n#text-box-337108516 .text-box-content {\n  font-size: 100%;\n}\n@media (min-width:550px) {\n  #text-box-337108516 {\n    width: 30%;\n  }\n}\n<\/style>\n    <\/div>\n \n        <\/div>\n      <\/div>\n\n            \n<style>\n#banner-259316516 {\n  padding-top: 700px;\n}\n#banner-259316516 .banner-bg img {\n  object-position: 0% 75%;\n}\n<\/style>\n  <\/div>\n\n\n\t\t<\/div>\n\t\t\t\t\t<\/div>\n\n\t\n<\/div>\n\t\t<\/div>\n\n\t\t\n<style>\n#section_317113556 {\n  padding-top: 30px;\n  padding-bottom: 30px;\n}\n<\/style>\n\t<\/section>\n\t\n\n\t<section class=\"section\" id=\"section_207073541\">\n\t\t<div class=\"section-bg fill\" >\n\t\t\t\t\t\t\t\t\t\n\t\t\t\n\n\t\t<\/div>\n\n\t\t\n\n\t\t<div class=\"section-content relative\">\n\t\t\t\n<div class=\"row align-center\"  id=\"row-1583280412\">\n\n\t<div id=\"col-986456153\" class=\"col medium-9 small-12 large-9\"  >\n\t\t\t\t<div class=\"col-inner text-center\"  >\n\t\t\t\n\t\t\t\n\t<div id=\"gap-1460234574\" class=\"gap-element clearfix\" style=\"display:block; height:auto;\">\n\t\t\n<style>\n#gap-1460234574 {\n  padding-top: 30px;\n}\n<\/style>\n\t<\/div>\n\t\n<p>Condimentos dulces\/especiados elaborados a partir de jarabes gelificantes derivados de la transformaci\u00f3n artesanal de frutas confitadas, sin utilizar aromas ni colorantes.<br \/>\nCada gel expresa plenamente el aroma de la fruta o verdura de origen, gracias a la acci\u00f3n potenciadora del az\u00facar, cuyo dulzor se equilibra con el perfil de sabor caracter\u00edstico de la materia prima y el picante del sirope de guindilla.<br \/>Recomendado para acompa\u00f1ar tablas de embutidos y quesos, carnes y pescados crudos, carnes a la brasa y hamburguesas gourmet.<\/p>\n\t<div id=\"gap-1840489461\" class=\"gap-element clearfix\" style=\"display:block; height:auto;\">\n\t\t\n<style>\n#gap-1840489461 {\n  padding-top: 30px;\n}\n<\/style>\n\t<\/div>\n\t\n\t<div class=\"img has-hover x md-x lg-x y md-y lg-y\" id=\"image_1861229807\">\n\t\t\t\t\t\t\t\t<div class=\"img-inner dark\" >\n\t\t\t<img loading=\"lazy\" decoding=\"async\" width=\"2000\" height=\"47\" src=\"https:\/\/www.lafrutta.eu\/wp-content\/uploads\/2023\/08\/lafrutta-onda.png\" class=\"attachment-original size-original\" alt=\"\" srcset=\"https:\/\/www.lafrutta.eu\/wp-content\/uploads\/2023\/08\/lafrutta-onda.png 2000w, https:\/\/www.lafrutta.eu\/wp-content\/uploads\/2023\/08\/lafrutta-onda-300x7.png 300w, https:\/\/www.lafrutta.eu\/wp-content\/uploads\/2023\/08\/lafrutta-onda-1024x24.png 1024w, https:\/\/www.lafrutta.eu\/wp-content\/uploads\/2023\/08\/lafrutta-onda-768x18.png 768w, https:\/\/www.lafrutta.eu\/wp-content\/uploads\/2023\/08\/lafrutta-onda-1536x36.png 1536w\" sizes=\"auto, (max-width: 2000px) 100vw, 2000px\" \/>\t\t\t\t\t\t\n\t\t\t\t\t<\/div>\n\t\t\t\t\t\t\t\t\n<style>\n#image_1861229807 {\n  width: 70%;\n}\n<\/style>\n\t<\/div>\n\t\n\t\t<\/div>\n\t\t\t\t\t<\/div>\n\n\t\n\n\t<div id=\"col-1062426330\" class=\"col medium-4 small-12 large-4\"  >\n\t\t\t\t<div class=\"col-inner\"  >\n\t\t\t\n\t\t\t\n\n\t\t<div class=\"icon-box featured-box icon-box-left text-left\"  >\n\t\t\t\t\t<div class=\"icon-box-img\" style=\"width: 60px\">\n\t\t\t\t<div class=\"icon\">\n\t\t\t\t\t<div class=\"icon-inner\" >\n\t\t\t\t\t\t<img loading=\"lazy\" decoding=\"async\" width=\"300\" height=\"300\" src=\"https:\/\/www.lafrutta.eu\/wp-content\/uploads\/2023\/08\/cropped-logo-la-frutta-300x300.png\" class=\"attachment-medium size-medium\" alt=\"\" srcset=\"https:\/\/www.lafrutta.eu\/wp-content\/uploads\/2023\/08\/cropped-logo-la-frutta-300x300.png 300w, https:\/\/www.lafrutta.eu\/wp-content\/uploads\/2023\/08\/cropped-logo-la-frutta-150x150.png 150w, https:\/\/www.lafrutta.eu\/wp-content\/uploads\/2023\/08\/cropped-logo-la-frutta-270x270.png 270w, https:\/\/www.lafrutta.eu\/wp-content\/uploads\/2023\/08\/cropped-logo-la-frutta-192x192.png 192w, https:\/\/www.lafrutta.eu\/wp-content\/uploads\/2023\/08\/cropped-logo-la-frutta-180x180.png 180w, https:\/\/www.lafrutta.eu\/wp-content\/uploads\/2023\/08\/cropped-logo-la-frutta-32x32.png 32w, https:\/\/www.lafrutta.eu\/wp-content\/uploads\/2023\/08\/cropped-logo-la-frutta.png 512w\" sizes=\"auto, (max-width: 300px) 100vw, 300px\" \/>\t\t\t\t\t<\/div>\n\t\t\t\t<\/div>\n\t\t\t<\/div>\n\t\t\t\t<div class=\"icon-box-text last-reset\">\n\t\t\t\t\t\t\t\t\t\n<h3>ETIQUETA LIMPIA<\/h3>\n<p>A partir de la infusi\u00f3n natural de frutas y verduras, sin aromas ni colorantes.<\/p>\n\t\t<\/div>\n\t<\/div>\n\t\n\t\n\t\t<\/div>\n\t\t\t\t\t<\/div>\n\n\t\n\n\t<div id=\"col-1646386205\" class=\"col medium-4 small-12 large-4\"  >\n\t\t\t\t<div class=\"col-inner\"  >\n\t\t\t\n\t\t\t\n\n\t\t<div class=\"icon-box featured-box icon-box-left text-left\"  >\n\t\t\t\t\t<div class=\"icon-box-img\" style=\"width: 60px\">\n\t\t\t\t<div class=\"icon\">\n\t\t\t\t\t<div class=\"icon-inner\" >\n\t\t\t\t\t\t<img loading=\"lazy\" decoding=\"async\" width=\"300\" height=\"300\" src=\"https:\/\/www.lafrutta.eu\/wp-content\/uploads\/2023\/08\/cropped-logo-la-frutta-300x300.png\" class=\"attachment-medium size-medium\" alt=\"\" srcset=\"https:\/\/www.lafrutta.eu\/wp-content\/uploads\/2023\/08\/cropped-logo-la-frutta-300x300.png 300w, https:\/\/www.lafrutta.eu\/wp-content\/uploads\/2023\/08\/cropped-logo-la-frutta-150x150.png 150w, https:\/\/www.lafrutta.eu\/wp-content\/uploads\/2023\/08\/cropped-logo-la-frutta-270x270.png 270w, https:\/\/www.lafrutta.eu\/wp-content\/uploads\/2023\/08\/cropped-logo-la-frutta-192x192.png 192w, https:\/\/www.lafrutta.eu\/wp-content\/uploads\/2023\/08\/cropped-logo-la-frutta-180x180.png 180w, https:\/\/www.lafrutta.eu\/wp-content\/uploads\/2023\/08\/cropped-logo-la-frutta-32x32.png 32w, https:\/\/www.lafrutta.eu\/wp-content\/uploads\/2023\/08\/cropped-logo-la-frutta.png 512w\" sizes=\"auto, (max-width: 300px) 100vw, 300px\" \/>\t\t\t\t\t<\/div>\n\t\t\t\t<\/div>\n\t\t\t<\/div>\n\t\t\t\t<div class=\"icon-box-text last-reset\">\n\t\t\t\t\t\t\t\t\t\n<h3>INFINITAS COMBINACIONES<\/h3>\n<p>49 geles para dar nuevas sensaciones gustativas a cada plato.<\/p>\n\t\t<\/div>\n\t<\/div>\n\t\n\t\n\t\t<\/div>\n\t\t\t\t\t<\/div>\n\n\t\n\n\t<div id=\"col-498915442\" class=\"col medium-4 small-12 large-4\"  >\n\t\t\t\t<div class=\"col-inner\"  >\n\t\t\t\n\t\t\t\n\n\t\t<div class=\"icon-box featured-box icon-box-left text-left\"  >\n\t\t\t\t\t<div class=\"icon-box-img\" style=\"width: 60px\">\n\t\t\t\t<div class=\"icon\">\n\t\t\t\t\t<div class=\"icon-inner\" >\n\t\t\t\t\t\t<img loading=\"lazy\" decoding=\"async\" width=\"300\" height=\"300\" src=\"https:\/\/www.lafrutta.eu\/wp-content\/uploads\/2023\/08\/cropped-logo-la-frutta-300x300.png\" class=\"attachment-medium size-medium\" alt=\"\" srcset=\"https:\/\/www.lafrutta.eu\/wp-content\/uploads\/2023\/08\/cropped-logo-la-frutta-300x300.png 300w, https:\/\/www.lafrutta.eu\/wp-content\/uploads\/2023\/08\/cropped-logo-la-frutta-150x150.png 150w, https:\/\/www.lafrutta.eu\/wp-content\/uploads\/2023\/08\/cropped-logo-la-frutta-270x270.png 270w, https:\/\/www.lafrutta.eu\/wp-content\/uploads\/2023\/08\/cropped-logo-la-frutta-192x192.png 192w, https:\/\/www.lafrutta.eu\/wp-content\/uploads\/2023\/08\/cropped-logo-la-frutta-180x180.png 180w, https:\/\/www.lafrutta.eu\/wp-content\/uploads\/2023\/08\/cropped-logo-la-frutta-32x32.png 32w, https:\/\/www.lafrutta.eu\/wp-content\/uploads\/2023\/08\/cropped-logo-la-frutta.png 512w\" sizes=\"auto, (max-width: 300px) 100vw, 300px\" \/>\t\t\t\t\t<\/div>\n\t\t\t\t<\/div>\n\t\t\t<\/div>\n\t\t\t\t<div class=\"icon-box-text last-reset\">\n\t\t\t\t\t\t\t\t\t\n<h3>DE JARABE DE CARAMELO<\/h3>\n<p>Un producto que aporta un nuevo valor a los alm\u00edbares obtenidos durante el confitado.<\/p>\n\t\t<\/div>\n\t<\/div>\n\t\n\t\n\t\t<\/div>\n\t\t\t\t\t<\/div>\n\n\t\n<\/div>\n\t\t<\/div>\n\n\t\t\n<style>\n#section_207073541 {\n  padding-top: 50px;\n  padding-bottom: 50px;\n}\n<\/style>\n\t<\/section>\n\t\n\n\t<section class=\"section\" id=\"section_164421883\">\n\t\t<div class=\"section-bg fill\" >\n\t\t\t\t\t\t\t\t\t\n\t\t\t\n\n\t\t<\/div>\n\n\t\t\n\n\t\t<div class=\"section-content relative\">\n\t\t\t\n<div class=\"row\"  id=\"row-531388434\">\n\n\t<div id=\"col-1384068779\" class=\"col small-12 large-12\"  >\n\t\t\t\t<div class=\"col-inner\"  >\n\t\t\t\n\t\t\t\n\t<div class=\"img has-hover x md-x lg-x y md-y lg-y\" id=\"image_2072599005\">\n\t\t\t\t\t\t\t\t<div class=\"img-inner dark\" >\n\t\t\t<img loading=\"lazy\" decoding=\"async\" width=\"1600\" height=\"608\" src=\"https:\/\/www.lafrutta.eu\/wp-content\/uploads\/2023\/11\/ESP_LAFRUTTA_elenco-gel_2022.jpg\" class=\"attachment-original size-original\" alt=\"\" srcset=\"https:\/\/www.lafrutta.eu\/wp-content\/uploads\/2023\/11\/ESP_LAFRUTTA_elenco-gel_2022.jpg 1600w, https:\/\/www.lafrutta.eu\/wp-content\/uploads\/2023\/11\/ESP_LAFRUTTA_elenco-gel_2022-300x114.jpg 300w, https:\/\/www.lafrutta.eu\/wp-content\/uploads\/2023\/11\/ESP_LAFRUTTA_elenco-gel_2022-1024x389.jpg 1024w, https:\/\/www.lafrutta.eu\/wp-content\/uploads\/2023\/11\/ESP_LAFRUTTA_elenco-gel_2022-768x292.jpg 768w, https:\/\/www.lafrutta.eu\/wp-content\/uploads\/2023\/11\/ESP_LAFRUTTA_elenco-gel_2022-1536x584.jpg 1536w\" sizes=\"auto, (max-width: 1600px) 100vw, 1600px\" \/>\t\t\t\t\t\t\n\t\t\t\t\t<\/div>\n\t\t\t\t\t\t\t\t\n<style>\n#image_2072599005 {\n  width: 100%;\n}\n<\/style>\n\t<\/div>\n\t\n\t\t<\/div>\n\t\t\t\t\t<\/div>\n\n\t\n\n\t<div id=\"col-677993268\" class=\"col medium-6 small-12 large-6\"  >\n\t\t\t\t<div class=\"col-inner\"  >\n\t\t\t\n\t\t\t\n\t<div class=\"img has-hover x md-x lg-x y md-y lg-y\" id=\"image_112550725\">\n\t\t\t\t\t\t\t\t<div class=\"img-inner dark\" >\n\t\t\t<img loading=\"lazy\" decoding=\"async\" width=\"1600\" height=\"1067\" src=\"https:\/\/www.lafrutta.eu\/wp-content\/uploads\/2023\/08\/LAFRUTTA-amarena.webp\" class=\"attachment-original size-original\" alt=\"\" srcset=\"https:\/\/www.lafrutta.eu\/wp-content\/uploads\/2023\/08\/LAFRUTTA-amarena.webp 1600w, https:\/\/www.lafrutta.eu\/wp-content\/uploads\/2023\/08\/LAFRUTTA-amarena-300x200.webp 300w, https:\/\/www.lafrutta.eu\/wp-content\/uploads\/2023\/08\/LAFRUTTA-amarena-1024x683.webp 1024w, https:\/\/www.lafrutta.eu\/wp-content\/uploads\/2023\/08\/LAFRUTTA-amarena-768x512.webp 768w, https:\/\/www.lafrutta.eu\/wp-content\/uploads\/2023\/08\/LAFRUTTA-amarena-1536x1024.webp 1536w\" sizes=\"auto, (max-width: 1600px) 100vw, 1600px\" \/>\t\t\t\t\t\t\n\t\t\t\t\t<\/div>\n\t\t\t\t\t\t\t\t\n<style>\n#image_112550725 {\n  width: 100%;\n}\n<\/style>\n\t<\/div>\n\t\n\t\t<\/div>\n\t\t\t\t\t<\/div>\n\n\t\n\n\t<div id=\"col-1598026471\" class=\"col medium-6 small-12 large-6\"  >\n\t\t\t\t<div class=\"col-inner\"  >\n\t\t\t\n\t\t\t\n\t<div class=\"img has-hover x md-x lg-x y md-y lg-y\" id=\"image_1669536483\">\n\t\t\t\t\t\t\t\t<div class=\"img-inner dark\" >\n\t\t\t<img loading=\"lazy\" decoding=\"async\" width=\"1600\" height=\"1067\" src=\"https:\/\/www.lafrutta.eu\/wp-content\/uploads\/2023\/08\/LAFRUTTA-formaggio.webp\" class=\"attachment-original size-original\" alt=\"\" srcset=\"https:\/\/www.lafrutta.eu\/wp-content\/uploads\/2023\/08\/LAFRUTTA-formaggio.webp 1600w, https:\/\/www.lafrutta.eu\/wp-content\/uploads\/2023\/08\/LAFRUTTA-formaggio-300x200.webp 300w, https:\/\/www.lafrutta.eu\/wp-content\/uploads\/2023\/08\/LAFRUTTA-formaggio-1024x683.webp 1024w, https:\/\/www.lafrutta.eu\/wp-content\/uploads\/2023\/08\/LAFRUTTA-formaggio-768x512.webp 768w, https:\/\/www.lafrutta.eu\/wp-content\/uploads\/2023\/08\/LAFRUTTA-formaggio-1536x1024.webp 1536w\" sizes=\"auto, (max-width: 1600px) 100vw, 1600px\" \/>\t\t\t\t\t\t\n\t\t\t\t\t<\/div>\n\t\t\t\t\t\t\t\t\n<style>\n#image_1669536483 {\n  width: 100%;\n}\n<\/style>\n\t<\/div>\n\t\n\t\t<\/div>\n\t\t\t\t\t<\/div>\n\n\t\n\n\t<div id=\"col-1243638409\" class=\"col small-12 large-12\"  >\n\t\t\t\t<div class=\"col-inner\"  >\n\t\t\t\n\t\t\t\n\t<div class=\"img has-hover x md-x lg-x y md-y lg-y\" id=\"image_1409167277\">\n\t\t\t\t\t\t\t\t<div class=\"img-inner dark\" >\n\t\t\t<img loading=\"lazy\" decoding=\"async\" width=\"1600\" height=\"410\" src=\"https:\/\/www.lafrutta.eu\/wp-content\/uploads\/2023\/11\/ESP_LAFRUTTA_uso_gel.jpg\" class=\"attachment-original size-original\" alt=\"\" srcset=\"https:\/\/www.lafrutta.eu\/wp-content\/uploads\/2023\/11\/ESP_LAFRUTTA_uso_gel.jpg 1600w, https:\/\/www.lafrutta.eu\/wp-content\/uploads\/2023\/11\/ESP_LAFRUTTA_uso_gel-300x77.jpg 300w, https:\/\/www.lafrutta.eu\/wp-content\/uploads\/2023\/11\/ESP_LAFRUTTA_uso_gel-1024x262.jpg 1024w, https:\/\/www.lafrutta.eu\/wp-content\/uploads\/2023\/11\/ESP_LAFRUTTA_uso_gel-768x197.jpg 768w, https:\/\/www.lafrutta.eu\/wp-content\/uploads\/2023\/11\/ESP_LAFRUTTA_uso_gel-1536x394.jpg 1536w\" sizes=\"auto, (max-width: 1600px) 100vw, 1600px\" \/>\t\t\t\t\t\t\n\t\t\t\t\t<\/div>\n\t\t\t\t\t\t\t\t\n<style>\n#image_1409167277 {\n  width: 100%;\n}\n<\/style>\n\t<\/div>\n\t\n\t\t<\/div>\n\t\t\t\t\t<\/div>\n\n\t\n<\/div>\n\t\t<\/div>\n\n\t\t\n<style>\n#section_164421883 {\n  padding-top: 30px;\n  padding-bottom: 30px;\n  background-color: #ec433d;\n}\n<\/style>\n\t<\/section>\n\t\n\n\t<section class=\"section\" id=\"section_747715738\">\n\t\t<div class=\"section-bg fill\" >\n\t\t\t\t\t\t\t\t\t\n\t\t\t\n\n\t\t<\/div>\n\n\t\t\n\n\t\t<div class=\"section-content relative\">\n\t\t\t\n<div class=\"row row-collapse row-full-width align-center\"  id=\"row-1788189157\">\n\n\t<div id=\"col-266779708\" class=\"col small-12 large-12\"  >\n\t\t\t\t<div class=\"col-inner\"  >\n\t\t\t\n\t\t\t\n\t<div id=\"gap-1020591665\" class=\"gap-element clearfix\" style=\"display:block; height:auto;\">\n\t\t\n<style>\n#gap-1020591665 {\n  padding-top: 10px;\n}\n<\/style>\n\t<\/div>\n\t\n\t<div class=\"img has-hover x md-x lg-x y md-y lg-y\" id=\"image_200301561\">\n\t\t\t\t\t\t\t\t<div class=\"img-inner dark\" >\n\t\t\t<img loading=\"lazy\" decoding=\"async\" width=\"2000\" height=\"167\" src=\"https:\/\/www.lafrutta.eu\/wp-content\/uploads\/2023\/08\/lafrutta-onde.png\" class=\"attachment-original size-original\" alt=\"\" srcset=\"https:\/\/www.lafrutta.eu\/wp-content\/uploads\/2023\/08\/lafrutta-onde.png 2000w, https:\/\/www.lafrutta.eu\/wp-content\/uploads\/2023\/08\/lafrutta-onde-300x25.png 300w, https:\/\/www.lafrutta.eu\/wp-content\/uploads\/2023\/08\/lafrutta-onde-1024x86.png 1024w, https:\/\/www.lafrutta.eu\/wp-content\/uploads\/2023\/08\/lafrutta-onde-768x64.png 768w, https:\/\/www.lafrutta.eu\/wp-content\/uploads\/2023\/08\/lafrutta-onde-1536x128.png 1536w\" sizes=\"auto, (max-width: 2000px) 100vw, 2000px\" \/>\t\t\t\t\t\t\n\t\t\t\t\t<\/div>\n\t\t\t\t\t\t\t\t\n<style>\n#image_200301561 {\n  width: 100%;\n}\n<\/style>\n\t<\/div>\n\t\n\t\t<\/div>\n\t\t\t\t\t<\/div>\n\n\t\n<\/div>\n\t\t<\/div>\n\n\t\t\n<style>\n#section_747715738 {\n  padding-top: 50px;\n  padding-bottom: 50px;\n}\n<\/style>\n\t<\/section>\n\t\n\n\t<section class=\"section dark\" id=\"section_568437796\">\n\t\t<div class=\"section-bg fill\" >\n\t\t\t<img loading=\"lazy\" decoding=\"async\" width=\"2000\" height=\"1125\" src=\"https:\/\/www.lafrutta.eu\/wp-content\/uploads\/2023\/08\/LAFRUTTA-giardiniera-banner.webp\" class=\"bg attachment-original size-original\" alt=\"\" \/>\t\t\t\t\t\t\n\t\t\t\n\n\t\t<\/div>\n\n\t\t\n\n\t\t<div class=\"section-content relative\">\n\t\t\t\n<div class=\"row\"  id=\"row-1708296644\">\n\n\t<div id=\"col-2034875700\" class=\"col small-12 large-12\"  >\n\t\t\t\t<div class=\"col-inner\"  >\n\t\t\t\n\t\t\t\n\n\t\t<div class=\"icon-box featured-box icon-box-top text-left\"  >\n\t\t\t\t\t<div class=\"icon-box-img\" style=\"width: 100px\">\n\t\t\t\t<div class=\"icon\">\n\t\t\t\t\t<div class=\"icon-inner\" >\n\t\t\t\t\t\t<img loading=\"lazy\" decoding=\"async\" width=\"300\" height=\"300\" src=\"https:\/\/www.lafrutta.eu\/wp-content\/uploads\/2023\/08\/lafrutta-logo-bianco-300x300.png\" class=\"attachment-medium size-medium\" alt=\"\" srcset=\"https:\/\/www.lafrutta.eu\/wp-content\/uploads\/2023\/08\/lafrutta-logo-bianco-300x300.png 300w, https:\/\/www.lafrutta.eu\/wp-content\/uploads\/2023\/08\/lafrutta-logo-bianco-150x150.png 150w, https:\/\/www.lafrutta.eu\/wp-content\/uploads\/2023\/08\/lafrutta-logo-bianco.png 600w\" sizes=\"auto, (max-width: 300px) 100vw, 300px\" \/>\t\t\t\t\t<\/div>\n\t\t\t\t<\/div>\n\t\t\t<\/div>\n\t\t\t\t<div class=\"icon-box-text last-reset\">\n\t\t\t\t\t\t\t\t\t\n\t<div id=\"text-3357270473\" class=\"text\">\n\t\t\n<h3>GIARDINIERA CONFITADA<br \/>\nY VERDURAS CONFITADAS<\/h3>\n\t\t\n<style>\n#text-3357270473 {\n  font-size: 2.5rem;\n}\n<\/style>\n\t<\/div>\n\t\n\t\t<\/div>\n\t<\/div>\n\t\n\t\n\t\t<\/div>\n\t\t\t\t\t<\/div>\n\n\t\n<\/div>\n\t\t<\/div>\n\n\t\t\n<style>\n#section_568437796 {\n  padding-top: 30px;\n  padding-bottom: 30px;\n  min-height: 500px;\n}\n<\/style>\n\t<\/section>\n\t\n\n\t<section class=\"section\" id=\"section_732781640\">\n\t\t<div class=\"section-bg fill\" >\n\t\t\t\t\t\t\t\t\t\n\t\t\t\n\n\t\t<\/div>\n\n\t\t\n\n\t\t<div class=\"section-content relative\">\n\t\t\t\n<div class=\"row align-center\"  id=\"row-1122822453\">\n\n\t<div id=\"col-1919797565\" class=\"col medium-9 small-12 large-9\"  >\n\t\t\t\t<div class=\"col-inner text-center\"  >\n\t\t\t\n\t\t\t\n\t<div id=\"gap-1118691341\" class=\"gap-element clearfix\" style=\"display:block; height:auto;\">\n\t\t\n<style>\n#gap-1118691341 {\n  padding-top: 30px;\n}\n<\/style>\n\t<\/div>\n\t\n<p>Champi\u00f1\u00f3n, aceituna, lombarda, hinojo, pimiento, coliflor, tomate, apio, zanahoria y cebolla son algunos de las verduras confitadas, la innovadora propuesta de <strong>LAFRUTTA<\/strong>.<\/p>\n<p>Procesadas en peque\u00f1os lotes, las verduras frescas se dejan reposar durante varios d\u00edas en un jarabe de az\u00facar que nunca alcanza el punto de ebullici\u00f3n. Los ardini Canditi tienen el sabor inconfundible del producto original y un perfil gustativo armonioso y equilibrado, gracias a la peque\u00f1a proporci\u00f3n de sirope de guindilla, que complementa la nota picante.<\/p>\n<p>Se han elegido varias verduras confitadas para rendir homenaje a un gran cl\u00e1sico tradicional: la giardiniera. En su versi\u00f3n confitada, re\u00fane y realza los sabores de las mejores expresiones de la huerta y los conserva en un jarabe agridulce y no picante.<\/p>\n\t<div id=\"gap-811942270\" class=\"gap-element clearfix\" style=\"display:block; height:auto;\">\n\t\t\n<style>\n#gap-811942270 {\n  padding-top: 30px;\n}\n<\/style>\n\t<\/div>\n\t\n\t<div class=\"img has-hover x md-x lg-x y md-y lg-y\" id=\"image_297709670\">\n\t\t\t\t\t\t\t\t<div class=\"img-inner dark\" >\n\t\t\t<img loading=\"lazy\" decoding=\"async\" width=\"2000\" height=\"47\" src=\"https:\/\/www.lafrutta.eu\/wp-content\/uploads\/2023\/08\/lafrutta-onda.png\" class=\"attachment-original size-original\" alt=\"\" srcset=\"https:\/\/www.lafrutta.eu\/wp-content\/uploads\/2023\/08\/lafrutta-onda.png 2000w, https:\/\/www.lafrutta.eu\/wp-content\/uploads\/2023\/08\/lafrutta-onda-300x7.png 300w, https:\/\/www.lafrutta.eu\/wp-content\/uploads\/2023\/08\/lafrutta-onda-1024x24.png 1024w, https:\/\/www.lafrutta.eu\/wp-content\/uploads\/2023\/08\/lafrutta-onda-768x18.png 768w, https:\/\/www.lafrutta.eu\/wp-content\/uploads\/2023\/08\/lafrutta-onda-1536x36.png 1536w\" sizes=\"auto, (max-width: 2000px) 100vw, 2000px\" \/>\t\t\t\t\t\t\n\t\t\t\t\t<\/div>\n\t\t\t\t\t\t\t\t\n<style>\n#image_297709670 {\n  width: 70%;\n}\n<\/style>\n\t<\/div>\n\t\n\t\t<\/div>\n\t\t\t\t\t<\/div>\n\n\t\n\n\t<div id=\"col-914268729\" class=\"col medium-4 small-12 large-4\"  >\n\t\t\t\t<div class=\"col-inner\"  >\n\t\t\t\n\t\t\t\n\n\t\t<div class=\"icon-box featured-box icon-box-left text-left\"  >\n\t\t\t\t\t<div class=\"icon-box-img\" style=\"width: 60px\">\n\t\t\t\t<div class=\"icon\">\n\t\t\t\t\t<div class=\"icon-inner\" >\n\t\t\t\t\t\t<img loading=\"lazy\" decoding=\"async\" width=\"300\" height=\"300\" src=\"https:\/\/www.lafrutta.eu\/wp-content\/uploads\/2023\/08\/cropped-logo-la-frutta-300x300.png\" class=\"attachment-medium size-medium\" alt=\"\" srcset=\"https:\/\/www.lafrutta.eu\/wp-content\/uploads\/2023\/08\/cropped-logo-la-frutta-300x300.png 300w, https:\/\/www.lafrutta.eu\/wp-content\/uploads\/2023\/08\/cropped-logo-la-frutta-150x150.png 150w, https:\/\/www.lafrutta.eu\/wp-content\/uploads\/2023\/08\/cropped-logo-la-frutta-270x270.png 270w, https:\/\/www.lafrutta.eu\/wp-content\/uploads\/2023\/08\/cropped-logo-la-frutta-192x192.png 192w, https:\/\/www.lafrutta.eu\/wp-content\/uploads\/2023\/08\/cropped-logo-la-frutta-180x180.png 180w, https:\/\/www.lafrutta.eu\/wp-content\/uploads\/2023\/08\/cropped-logo-la-frutta-32x32.png 32w, https:\/\/www.lafrutta.eu\/wp-content\/uploads\/2023\/08\/cropped-logo-la-frutta.png 512w\" sizes=\"auto, (max-width: 300px) 100vw, 300px\" \/>\t\t\t\t\t<\/div>\n\t\t\t\t<\/div>\n\t\t\t<\/div>\n\t\t\t\t<div class=\"icon-box-text last-reset\">\n\t\t\t\t\t\t\t\t\t\n<h3>ATREVIDA Y ORIGINAL<\/h3>\n<p>En verduras no tradicionales, el confitado crea resultados sorprendentes.<\/p>\n\t\t<\/div>\n\t<\/div>\n\t\n\t\n\t\t<\/div>\n\t\t\t\t\t<\/div>\n\n\t\n\n\t<div id=\"col-223355909\" class=\"col medium-4 small-12 large-4\"  >\n\t\t\t\t<div class=\"col-inner\"  >\n\t\t\t\n\t\t\t\n\n\t\t<div class=\"icon-box featured-box icon-box-left text-left\"  >\n\t\t\t\t\t<div class=\"icon-box-img\" style=\"width: 60px\">\n\t\t\t\t<div class=\"icon\">\n\t\t\t\t\t<div class=\"icon-inner\" >\n\t\t\t\t\t\t<img loading=\"lazy\" decoding=\"async\" width=\"300\" height=\"300\" src=\"https:\/\/www.lafrutta.eu\/wp-content\/uploads\/2023\/08\/cropped-logo-la-frutta-300x300.png\" class=\"attachment-medium size-medium\" alt=\"\" srcset=\"https:\/\/www.lafrutta.eu\/wp-content\/uploads\/2023\/08\/cropped-logo-la-frutta-300x300.png 300w, https:\/\/www.lafrutta.eu\/wp-content\/uploads\/2023\/08\/cropped-logo-la-frutta-150x150.png 150w, https:\/\/www.lafrutta.eu\/wp-content\/uploads\/2023\/08\/cropped-logo-la-frutta-270x270.png 270w, https:\/\/www.lafrutta.eu\/wp-content\/uploads\/2023\/08\/cropped-logo-la-frutta-192x192.png 192w, https:\/\/www.lafrutta.eu\/wp-content\/uploads\/2023\/08\/cropped-logo-la-frutta-180x180.png 180w, https:\/\/www.lafrutta.eu\/wp-content\/uploads\/2023\/08\/cropped-logo-la-frutta-32x32.png 32w, https:\/\/www.lafrutta.eu\/wp-content\/uploads\/2023\/08\/cropped-logo-la-frutta.png 512w\" sizes=\"auto, (max-width: 300px) 100vw, 300px\" \/>\t\t\t\t\t<\/div>\n\t\t\t\t<\/div>\n\t\t\t<\/div>\n\t\t\t\t<div class=\"icon-box-text last-reset\">\n\t\t\t\t\t\t\t\t\t\n<h3>TRADICI\u00d3N E INNOVACI\u00d3N<\/h3>\n<p>Artesan\u00eda y creatividad se unen para crear nuevos productos ic\u00f3nicos.<\/p>\n\t\t<\/div>\n\t<\/div>\n\t\n\t\n\t\t<\/div>\n\t\t\t\t\t<\/div>\n\n\t\n\n\t<div id=\"col-1731542709\" class=\"col medium-4 small-12 large-4\"  >\n\t\t\t\t<div class=\"col-inner\"  >\n\t\t\t\n\t\t\t\n\n\t\t<div class=\"icon-box featured-box icon-box-left text-left\"  >\n\t\t\t\t\t<div class=\"icon-box-img\" style=\"width: 60px\">\n\t\t\t\t<div class=\"icon\">\n\t\t\t\t\t<div class=\"icon-inner\" >\n\t\t\t\t\t\t<img loading=\"lazy\" decoding=\"async\" width=\"300\" height=\"300\" src=\"https:\/\/www.lafrutta.eu\/wp-content\/uploads\/2023\/08\/cropped-logo-la-frutta-300x300.png\" class=\"attachment-medium size-medium\" alt=\"\" srcset=\"https:\/\/www.lafrutta.eu\/wp-content\/uploads\/2023\/08\/cropped-logo-la-frutta-300x300.png 300w, https:\/\/www.lafrutta.eu\/wp-content\/uploads\/2023\/08\/cropped-logo-la-frutta-150x150.png 150w, https:\/\/www.lafrutta.eu\/wp-content\/uploads\/2023\/08\/cropped-logo-la-frutta-270x270.png 270w, https:\/\/www.lafrutta.eu\/wp-content\/uploads\/2023\/08\/cropped-logo-la-frutta-192x192.png 192w, https:\/\/www.lafrutta.eu\/wp-content\/uploads\/2023\/08\/cropped-logo-la-frutta-180x180.png 180w, https:\/\/www.lafrutta.eu\/wp-content\/uploads\/2023\/08\/cropped-logo-la-frutta-32x32.png 32w, https:\/\/www.lafrutta.eu\/wp-content\/uploads\/2023\/08\/cropped-logo-la-frutta.png 512w\" sizes=\"auto, (max-width: 300px) 100vw, 300px\" \/>\t\t\t\t\t<\/div>\n\t\t\t\t<\/div>\n\t\t\t<\/div>\n\t\t\t\t<div class=\"icon-box-text last-reset\">\n\t\t\t\t\t\t\t\t\t\n<h3>NUEVAS FRONTERAS DEL SABOR<\/h3>\n<p>Dulce y \u00e1cido en perfecto equilibrio para combinaciones ilimitadas.<\/p>\n\t\t<\/div>\n\t<\/div>\n\t\n\t\n\t\t<\/div>\n\t\t\t\t\t<\/div>\n\n\t\n<\/div>\n\t\t<\/div>\n\n\t\t\n<style>\n#section_732781640 {\n  padding-top: 50px;\n  padding-bottom: 50px;\n}\n<\/style>\n\t<\/section>\n\t\n\n\t<section class=\"section\" id=\"section_474871502\">\n\t\t<div class=\"section-bg fill\" >\n\t\t\t\t\t\t\t\t\t\n\t\t\t\n\n\t\t<\/div>\n\n\t\t\n\n\t\t<div class=\"section-content relative\">\n\t\t\t\n<div class=\"row row-collapse row-full-width align-center\"  id=\"row-179667874\">\n\n\t<div id=\"col-2112796434\" class=\"col small-12 large-12\"  >\n\t\t\t\t<div class=\"col-inner\"  >\n\t\t\t\n\t\t\t\n\t<div id=\"gap-487539544\" class=\"gap-element clearfix\" style=\"display:block; height:auto;\">\n\t\t\n<style>\n#gap-487539544 {\n  padding-top: 10px;\n}\n<\/style>\n\t<\/div>\n\t\n\t<div class=\"img has-hover x md-x lg-x y md-y lg-y\" id=\"image_455470719\">\n\t\t\t\t\t\t\t\t<div class=\"img-inner dark\" >\n\t\t\t<img loading=\"lazy\" decoding=\"async\" width=\"2000\" height=\"167\" src=\"https:\/\/www.lafrutta.eu\/wp-content\/uploads\/2023\/08\/lafrutta-onde.png\" class=\"attachment-original size-original\" alt=\"\" srcset=\"https:\/\/www.lafrutta.eu\/wp-content\/uploads\/2023\/08\/lafrutta-onde.png 2000w, https:\/\/www.lafrutta.eu\/wp-content\/uploads\/2023\/08\/lafrutta-onde-300x25.png 300w, https:\/\/www.lafrutta.eu\/wp-content\/uploads\/2023\/08\/lafrutta-onde-1024x86.png 1024w, https:\/\/www.lafrutta.eu\/wp-content\/uploads\/2023\/08\/lafrutta-onde-768x64.png 768w, https:\/\/www.lafrutta.eu\/wp-content\/uploads\/2023\/08\/lafrutta-onde-1536x128.png 1536w\" sizes=\"auto, (max-width: 2000px) 100vw, 2000px\" \/>\t\t\t\t\t\t\n\t\t\t\t\t<\/div>\n\t\t\t\t\t\t\t\t\n<style>\n#image_455470719 {\n  width: 100%;\n}\n<\/style>\n\t<\/div>\n\t\n\t\t<\/div>\n\t\t\t\t\t<\/div>\n\n\t\n<\/div>\n\t\t<\/div>\n\n\t\t\n<style>\n#section_474871502 {\n  padding-top: 50px;\n  padding-bottom: 50px;\n}\n<\/style>\n\t<\/section>\n\t\n\n\t<section class=\"section\" id=\"section_1353762508\">\n\t\t<div class=\"section-bg fill\" >\n\t\t\t\t\t\t\t\t\t\n\t\t\t\n\n\t\t<\/div>\n\n\t\t\n\n\t\t<div class=\"section-content relative\">\n\t\t\t\n<div class=\"row align-center\"  id=\"row-252947802\">\n\n\t<div id=\"col-666729117\" class=\"col small-12 large-12\"  >\n\t\t\t\t<div class=\"col-inner text-center\"  >\n\t\t\t\n\t\t\t\n\t<div id=\"text-1184962709\" class=\"text\">\n\t\t\n<h2>OTROS PRODUCTOS<\/h2>\n\t\t\n<style>\n#text-1184962709 {\n  font-size: 1.5rem;\n}\n<\/style>\n\t<\/div>\n\t\n\t\t<\/div>\n\t\t\t\t\t<\/div>\n\n\t\n\n\t<div id=\"col-1943834920\" class=\"col small-12 large-12\"  >\n\t\t\t\t<div class=\"col-inner\"  >\n\t\t\t\n\t\t\t\n\n  <div class=\"banner has-hover\" id=\"banner-103854901\">\n          <div class=\"banner-inner fill\">\n        <div class=\"banner-bg fill\" >\n            <img loading=\"lazy\" decoding=\"async\" width=\"1600\" height=\"785\" src=\"https:\/\/www.lafrutta.eu\/wp-content\/uploads\/2023\/08\/LAFRUTTA-sfondo.webp\" class=\"bg attachment-original size-original\" alt=\"\" \/>                                    \n                    <\/div>\n\t\t\n        <div class=\"banner-layers container\">\n            <div class=\"fill banner-link\"><\/div>            \n   <div id=\"text-box-615160998\" class=\"text-box banner-layer x0 md-x0 lg-x0 y50 md-y50 lg-y50 res-text\">\n                                <div class=\"text-box-content text dark\">\n              \n              <div class=\"text-inner text-center\">\n                  \n<h3 class=\"uppercase\"><strong>FRUTAS CONFITADAS TRADICIONALES<\/strong><\/h3>\n<p>NARANJA<br \/>\nLIM\u00d3N<br \/>\nCEDRO<br \/>\nMANDARINA<br \/>\nMARRONES<br \/>\nFRESA<br \/>\nPERA<\/p>\n              <\/div>\n           <\/div>\n                            \n<style>\n#text-box-615160998 {\n  width: 33%;\n}\n#text-box-615160998 .text-box-content {\n  font-size: 100%;\n}\n<\/style>\n    <\/div>\n \n   <div id=\"text-box-2093724636\" class=\"text-box banner-layer x50 md-x50 lg-x50 y50 md-y50 lg-y50 res-text\">\n                                <div class=\"text-box-content text dark\">\n              \n              <div class=\"text-inner text-center\">\n                  \n<h3 class=\"uppercase\"><strong>COMPOST<\/strong><\/h3>\n<p>FRAMBUESA<br \/>\nFRESA<br \/>\nMORA<br \/>\nMELOCOT\u00d3N<br \/>\nPRUCE<br \/>\nFICO<br \/>\nCREMA DE CASTA\u00d1AS<br \/>\nCEBOLLA<br \/>\nPIMIENTA<\/p>\n              <\/div>\n           <\/div>\n                            \n<style>\n#text-box-2093724636 {\n  width: 33%;\n}\n#text-box-2093724636 .text-box-content {\n  font-size: 100%;\n}\n<\/style>\n    <\/div>\n \n   <div id=\"text-box-318518575\" class=\"text-box banner-layer x100 md-x100 lg-x100 y50 md-y50 lg-y50 res-text\">\n                                <div class=\"text-box-content text dark\">\n              \n              <div class=\"text-inner text-center\">\n                  \n<h3 class=\"uppercase\"><strong>MARMALADES<\/strong><\/h3>\n<p>CEDRO<br \/>\nNARANJA<br \/>\nNARANJA AMARGA<\/p>\n              <\/div>\n           <\/div>\n                            \n<style>\n#text-box-318518575 {\n  width: 33%;\n}\n#text-box-318518575 .text-box-content {\n  font-size: 100%;\n}\n<\/style>\n    <\/div>\n \n        <\/div>\n      <\/div>\n\n            \n<style>\n#banner-103854901 {\n  padding-top: 500px;\n}\n<\/style>\n  <\/div>\n\n\n\t\t<\/div>\n\t\t\t\t\t<\/div>\n\n\t\n<\/div>\n\t\t<\/div>\n\n\t\t\n<style>\n#section_1353762508 {\n  padding-top: 50px;\n  padding-bottom: 50px;\n}\n<\/style>\n\t<\/section>\n\t\n\n\t<section class=\"section\" id=\"section_1072395145\">\n\t\t<div class=\"section-bg fill\" >\n\t\t\t\t\t\t\t\t\t\n\t\t\t\n\n\t\t<\/div>\n\n\t\t\n\n\t\t<div class=\"section-content relative\">\n\t\t\t\n<div class=\"row row-collapse row-full-width align-center\"  id=\"row-1187050025\">\n\n\t<div id=\"col-1895858485\" class=\"col small-12 large-12\"  >\n\t\t\t\t<div class=\"col-inner\"  >\n\t\t\t\n\t\t\t\n\t<div class=\"img has-hover x md-x lg-x y md-y lg-y\" id=\"image_2058552978\">\n\t\t\t\t\t\t\t\t<div class=\"img-inner dark\" >\n\t\t\t<img loading=\"lazy\" decoding=\"async\" width=\"2000\" height=\"167\" src=\"https:\/\/www.lafrutta.eu\/wp-content\/uploads\/2023\/08\/lafrutta-onde.png\" class=\"attachment-original size-original\" alt=\"\" srcset=\"https:\/\/www.lafrutta.eu\/wp-content\/uploads\/2023\/08\/lafrutta-onde.png 2000w, https:\/\/www.lafrutta.eu\/wp-content\/uploads\/2023\/08\/lafrutta-onde-300x25.png 300w, https:\/\/www.lafrutta.eu\/wp-content\/uploads\/2023\/08\/lafrutta-onde-1024x86.png 1024w, https:\/\/www.lafrutta.eu\/wp-content\/uploads\/2023\/08\/lafrutta-onde-768x64.png 768w, https:\/\/www.lafrutta.eu\/wp-content\/uploads\/2023\/08\/lafrutta-onde-1536x128.png 1536w\" sizes=\"auto, (max-width: 2000px) 100vw, 2000px\" \/>\t\t\t\t\t\t\n\t\t\t\t\t<\/div>\n\t\t\t\t\t\t\t\t\n<style>\n#image_2058552978 {\n  width: 100%;\n}\n<\/style>\n\t<\/div>\n\t\n\t\t<\/div>\n\t\t\t\t\t<\/div>\n\n\t\n<\/div>\n\t\t<\/div>\n\n\t\t\n<style>\n#section_1072395145 {\n  padding-top: 0px;\n  padding-bottom: 0px;\n}\n<\/style>\n\t<\/section>\n\t\n\n\t<section class=\"section\" id=\"section_1997283251\">\n\t\t<div class=\"section-bg fill\" >\n\t\t\t\t\t\t\t\t\t\n\t\t\t\n\n\t\t<\/div>\n\n\t\t\n\n\t\t<div class=\"section-content relative\">\n\t\t\t\n<div class=\"row align-center\"  id=\"row-919624252\">\n\n\t<div id=\"col-1083953669\" class=\"col medium-9 small-12 large-9\"  >\n\t\t\t\t<div class=\"col-inner text-center\"  >\n\t\t\t\n\t\t\t\n<h2>DESCUBRE TODAS LAS BONDADES DE LAFRUTTA<\/h2>\n<p>Our products are available on major sales portals<\/p>\n\t\t<\/div>\n\t\t\t\t\t<\/div>\n\n\t\n<\/div>\n\t\t<\/div>\n\n\t\t\n<style>\n#section_1997283251 {\n  padding-top: 50px;\n  padding-bottom: 50px;\n}\n<\/style>\n\t<\/section>\n\t\n\n\t<section class=\"section\" id=\"section_651849873\">\n\t\t<div class=\"section-bg fill\" >\n\t\t\t<img loading=\"lazy\" decoding=\"async\" width=\"1600\" height=\"1067\" src=\"https:\/\/www.lafrutta.eu\/wp-content\/uploads\/2023\/08\/LAFRUTTA-contatti.webp\" class=\"bg attachment-original size-original\" alt=\"\" \/>\t\t\t\t\t\t\n\t\t\t\n\n\t\t<\/div>\n\n\t\t\n\n\t\t<div class=\"section-content relative\">\n\t\t\t\n<div class=\"row align-center\"  id=\"row-1279504272\">\n\n\t<div id=\"col-1880615710\" class=\"col medium-9 small-12 large-9\"  >\n\t\t\t\t<div class=\"col-inner\"  >\n\t\t\t\n\t\t\t\n\t<div id=\"text-1225055022\" class=\"text\">\n\t\t\n<h2>CONTACTE CON NOSOTROS PARA M\u00c1S INFORMACI\u00d3N<\/h2>\n\t\t\n<style>\n#text-1225055022 {\n  text-align: center;\n  color: rgb(255, 255, 255);\n}\n#text-1225055022 > * {\n  color: rgb(255, 255, 255);\n}\n<\/style>\n\t<\/div>\n\t\n\t\t<\/div>\n\t\t\t\t\t<\/div>\n\n\t\n\n\t<div id=\"col-1177673755\" class=\"col medium-9 small-12 large-9\"  >\n\t\t\t\t<div class=\"col-inner\" style=\"background-color:rgb(255, 255, 255);\" >\n\t\t\t\n\t\t\t\n\n<div class=\"wpcf7 no-js\" id=\"wpcf7-f165-o1\" lang=\"es-ES\" dir=\"ltr\">\n<div class=\"screen-reader-response\"><p role=\"status\" aria-live=\"polite\" aria-atomic=\"true\"><\/p> <ul><\/ul><\/div>\n<form action=\"\/es\/wp-json\/wp\/v2\/pages\/160#wpcf7-f165-o1\" method=\"post\" class=\"wpcf7-form init\" aria-label=\"Formulario de contacto\" novalidate=\"novalidate\" data-status=\"init\">\n<div style=\"display: none;\">\n<input type=\"hidden\" name=\"_wpcf7\" value=\"165\" \/>\n<input type=\"hidden\" name=\"_wpcf7_version\" value=\"5.8.2\" \/>\n<input type=\"hidden\" name=\"_wpcf7_locale\" value=\"es_ES\" \/>\n<input type=\"hidden\" name=\"_wpcf7_unit_tag\" value=\"wpcf7-f165-o1\" \/>\n<input type=\"hidden\" name=\"_wpcf7_container_post\" value=\"0\" \/>\n<input type=\"hidden\" name=\"_wpcf7_posted_data_hash\" value=\"\" \/>\n<\/div>\n<p><label> Nombre<br \/>\n<span class=\"wpcf7-form-control-wrap\" data-name=\"your-name\"><input size=\"40\" class=\"wpcf7-form-control wpcf7-text wpcf7-validates-as-required\" autocomplete=\"name\" aria-required=\"true\" aria-invalid=\"false\" value=\"\" type=\"text\" name=\"your-name\" \/><\/span> <\/label>\n<\/p>\n<p><label> Email<br \/>\n<span class=\"wpcf7-form-control-wrap\" data-name=\"your-email\"><input size=\"40\" class=\"wpcf7-form-control wpcf7-email wpcf7-validates-as-required wpcf7-text wpcf7-validates-as-email\" autocomplete=\"email\" aria-required=\"true\" aria-invalid=\"false\" value=\"\" type=\"email\" name=\"your-email\" \/><\/span> <\/label>\n<\/p>\n<p><label> Objeto<br \/>\n<span class=\"wpcf7-form-control-wrap\" data-name=\"your-subject\"><input size=\"40\" class=\"wpcf7-form-control wpcf7-text wpcf7-validates-as-required\" aria-required=\"true\" aria-invalid=\"false\" value=\"\" type=\"text\" name=\"your-subject\" \/><\/span> <\/label>\n<\/p>\n<p><label> Mensaje (opcional)<br \/>\n<span class=\"wpcf7-form-control-wrap\" data-name=\"your-message\"><textarea cols=\"40\" rows=\"10\" class=\"wpcf7-form-control wpcf7-textarea\" aria-invalid=\"false\" name=\"your-message\"><\/textarea><\/span> <\/label>\n<\/p>\n<p><input class=\"wpcf7-form-control wpcf7-submit has-spinner\" type=\"submit\" value=\"Send\" \/>\n<\/p><div class=\"wpcf7-response-output\" aria-hidden=\"true\"><\/div>\n<\/form>\n<\/div>\n\n\t\t<\/div>\n\t\t\t\t\n<style>\n#col-1177673755 > .col-inner {\n  padding: 50px 50px 50px 50px;\n}\n<\/style>\n\t<\/div>\n\n\t\n<\/div>\n\t\t<\/div>\n\n\t\t\n<style>\n#section_651849873 {\n  padding-top: 100px;\n  padding-bottom: 100px;\n}\n<\/style>\n\t<\/section>\n\t\n","protected":false},"excerpt":{"rendered":"","protected":false},"author":1,"featured_media":0,"parent":0,"menu_order":0,"comment_status":"closed","ping_status":"closed","template":"page-blank.php","meta":{"footnotes":""},"class_list":["post-160","page","type-page","status-publish","hentry"],"_links":{"self":[{"href":"https:\/\/www.lafrutta.eu\/es\/wp-json\/wp\/v2\/pages\/160","targetHints":{"allow":["GET"]}}],"collection":[{"href":"https:\/\/www.lafrutta.eu\/es\/wp-json\/wp\/v2\/pages"}],"about":[{"href":"https:\/\/www.lafrutta.eu\/es\/wp-json\/wp\/v2\/types\/page"}],"author":[{"embeddable":true,"href":"https:\/\/www.lafrutta.eu\/es\/wp-json\/wp\/v2\/users\/1"}],"replies":[{"embeddable":true,"href":"https:\/\/www.lafrutta.eu\/es\/wp-json\/wp\/v2\/comments?post=160"}],"version-history":[{"count":1,"href":"https:\/\/www.lafrutta.eu\/es\/wp-json\/wp\/v2\/pages\/160\/revisions"}],"predecessor-version":[{"id":211,"href":"https:\/\/www.lafrutta.eu\/es\/wp-json\/wp\/v2\/pages\/160\/revisions\/211"}],"wp:attachment":[{"href":"https:\/\/www.lafrutta.eu\/es\/wp-json\/wp\/v2\/media?parent=160"}],"curies":[{"name":"wp","href":"https:\/\/api.w.org\/{rel}","templated":true}]}}